{"id":2548,"date":"2019-04-22T15:22:15","date_gmt":"2019-04-22T14:22:15","guid":{"rendered":"http:\/\/www.darkover-con.de\/?page_id=2548"},"modified":"2019-04-22T15:22:15","modified_gmt":"2019-04-22T14:22:15","slug":"2012-herbst","status":"publish","type":"page","link":"https:\/\/www.darkover-con.de\/?page_id=2548","title":{"rendered":"2012 &#8211; Herbst"},"content":{"rendered":"\n<h3 class=\"wp-block-heading\">Plot zur November Con 2012<\/h3>\n\n\n\n<h4 class=\"wp-block-heading\"><strong>Feuertaufe<\/strong><\/h4>\n\n\n\n<p>Feuer.<\/p>\n\n\n\n<p>Bei\u00dfender Qualm. Gl\u00fchende Luft in den Lungen. Feuer \u2026 \u00fcberall.<\/p>\n\n\n\n<p>Ein gellender Schrei schneidet durch das Bersten von Holz und das Br\u00fcllen der Flammen.<\/p>\n\n\n\n<p>Schwei\u00dfgebadet schreckst du auf. \u00dcber dir klarer Sternenhimmel, ein k\u00fchlender Hauch streicht dir \u00fcber die Haut. Der Schrei hallt wider in deinen Ohren, hinterl\u00e4sst ein Echo in der Oberwelt. Verzweifelt, hilflos, flehend.<br>Auch deine Reisegef\u00e4hrten scheinen den Hilferuf zu sp\u00fcren, der in der kalten Nachtluft h\u00e4ngt, w\u00e4hrend sie noch verwirrt den Schlaf aus den Augen reiben.<br>Es muss ganz nah sein! So stark war die Angst sp\u00fcrbar.<\/p>\n\n\n\n<p>Ihr sch\u00e4lt euch aus den Decken, unruhig in die Ferne der Nacht blickend. Auf der Suche nach einem roten Schein am Horizont. Den Geschmack von Rauch noch auf der Zunge.<\/p>\n\n\n\n<p>Nach ein paar kurzen, dr\u00e4ngenden Worten macht ihr euch auf, dem Hilferuf zu folgen. Hinaus ins Dunkel der Hellers, dem Nachhall des Laranrufs auf der Spur.<\/p>\n\n\n\n<p>\u2026<\/p>\n\n\n\n<p><strong>Outtime:<\/strong><\/p>\n\n\n\n<p>Willkommen zu einem neuen Abenteuer, liebe Spieler!<\/p>\n\n\n\n<p>Wir befinden uns auf dem Planeten Darkover, in einer Welt, die von Marion Zimmer Bradley geschaffen wurde. Es herrscht das Zeitalter des Chaos.<\/p>\n\n\n\n<p>Eure Reisen f\u00fchren Euch durch die unwirtlichen Berge der Hellers und offenbar in die N\u00e4he des kleinen Ortes Graublatt.<\/p>\n\n\n\n<p>Was l\u00e4sst Euch hier zusammenstr\u00f6men? H\u00e4ngt es mit dem n\u00e4chtlichen Ereignis zusammen? Dann solltet Ihr \u00fcber Laran verf\u00fcgen. Vielleicht reist Ihr auch im Gefolge eines Comyn, der dem Ruf folgt. Oder ist es reiner Zufall?<\/p>\n\n\n\n<p>Bei diesem Plot sind Laranzuin und Comyn ausdr\u00fccklich willkommen.<\/p>\n","protected":false},"excerpt":{"rendered":"<p>Plot zur November Con 2012 Feuertaufe Feuer. Bei\u00dfender Qualm. Gl\u00fchende Luft in den Lungen. Feuer \u2026 \u00fcberall. Ein gellender Schrei schneidet durch das Bersten von Holz und das Br\u00fcllen der Flammen. Schwei\u00dfgebadet schreckst du auf. \u00dcber dir klarer Sternenhimmel, ein k\u00fchlender Hauch streicht dir \u00fcber die Haut. Der Schrei hallt wider in deinen Ohren, hinterl\u00e4sst <a href=\"https:\/\/www.darkover-con.de\/?page_id=2548\" class=\"more-link\">...weiterlesen<span class=\"screen-reader-text\"> \"2012 &#8211; Herbst\"<\/span><\/a><\/p>\n","protected":false},"author":4,"featured_media":0,"parent":1222,"menu_order":22,"comment_status":"closed","ping_status":"closed","template":"","meta":{"footnotes":""},"class_list":["post-2548","page","type-page","status-publish","h-entry","hentry","h-as-page"],"_links":{"self":[{"href":"https:\/\/www.darkover-con.de\/index.php?rest_route=\/wp\/v2\/pages\/2548","targetHints":{"allow":["GET"]}}],"collection":[{"href":"https:\/\/www.darkover-con.de\/index.php?rest_route=\/wp\/v2\/pages"}],"about":[{"href":"https:\/\/www.darkover-con.de\/index.php?rest_route=\/wp\/v2\/types\/page"}],"author":[{"embeddable":true,"href":"https:\/\/www.darkover-con.de\/index.php?rest_route=\/wp\/v2\/users\/4"}],"replies":[{"embeddable":true,"href":"https:\/\/www.darkover-con.de\/index.php?rest_route=%2Fwp%2Fv2%2Fcomments&post=2548"}],"version-history":[{"count":1,"href":"https:\/\/www.darkover-con.de\/index.php?rest_route=\/wp\/v2\/pages\/2548\/revisions"}],"predecessor-version":[{"id":2549,"href":"https:\/\/www.darkover-con.de\/index.php?rest_route=\/wp\/v2\/pages\/2548\/revisions\/2549"}],"up":[{"embeddable":true,"href":"https:\/\/www.darkover-con.de\/index.php?rest_route=\/wp\/v2\/pages\/1222"}],"wp:attachment":[{"href":"https:\/\/www.darkover-con.de\/index.php?rest_route=%2Fwp%2Fv2%2Fmedia&parent=2548"}],"curies":[{"name":"wp","href":"https:\/\/api.w.org\/{rel}","templated":true}]}}