{"id":2683,"date":"2019-07-06T21:06:04","date_gmt":"2019-07-06T20:06:04","guid":{"rendered":"http:\/\/www.darkover-con.de\/?page_id=2683"},"modified":"2019-07-06T21:06:53","modified_gmt":"2019-07-06T20:06:53","slug":"redewendungen-und-vokabular","status":"publish","type":"page","link":"https:\/\/www.darkover-con.de\/?page_id=2683","title":{"rendered":"Redewendungen und Vokabular"},"content":{"rendered":"\n<ul class=\"wp-block-list\"><li>Vai Dom\/Vai Domna \u2013 zur Anrede von einem h\u00f6her gestellten Comyn<ul><li>Vai Dom\/Vai Domna + Vorname = Comyn, z.B. Dom Felix<\/li><li>Vai Dom\/Vai Domna + Familienname = NUR Dom\u00e4nenlord, z.B. Dom Hastur<\/li><li>Vai Dom\/Vai Domna + Nebenlinie = Nebenlinienoberhaupt, z.B. Dom Carcosa<\/li><\/ul><\/li><li>Vai Leronis\/Vai Laranzu \u2013 Anrede eines Turmarbeiters<\/li><li>Vai Tenerzu \u2013 Anrede Bewahrer<\/li><li>Mestra\/Mestru \u2013Anrede Nicht-Comyn<\/li><li>Vai Damisela \u2013 Anrede unverheiratete Dame<\/li><\/ul>\n\n\n\n<ul class=\"wp-block-list\"><li>Ben Dia \u2013 guten Tag<\/li><li>Z\u2019par servu \u2013 Zu euren Diensten<\/li><li>Adelandeyo \u2013 auf Wiedersehen<\/li><li><\/li><li>Bredu\/Breda \u2013 geschworener Bruder\/liebste Freundin<\/li><li>Barrangana \u2013 Nebenfrau\/M\u00e4tresse <\/li><li>A ves ordres \u2013 zu eurem Befehl<\/li><li>Carya mea \u2013 meine Liebste<\/li><li>Chieri \u2013 nichtmenschliches Wesen<\/li><li>Chiya\/Chiyu \u2013 kleines M\u00e4dchen\/kleiner Junge<\/li><li>Coridom \u2013 Haushofmeister<\/li><li>Christofero \u2013 M\u00f6nch<\/li><li>Donas \u2013 Gabe<\/li><li>DiCatenas \u2013 offizielle Art der Heirat unter Comyn<\/li><li>Emasca \u2013 Neutrum<\/li><li>Grezalis \u2013 Hure<\/li><li>Jaco \u2013 Hei\u00dfgegtr\u00e4nk \u00e4hnlich Kaffee<\/li><li>Kiriseth \u2013 Darkovanische Pflanze, Sternenblume<\/li><li>Kirian \u2013 Lik\u00f6r aus Kiriseth \u2013 \u00f6ffnet Kan\u00e4le<\/li><li>Laran \u2013 Donas<\/li><li>Nedestra\/Nedestro \u2013 uneheliche Tochter\/Sohn<\/li><li>Ombredin \u2013 homosexueller<\/li><li>Reish \u2013 Mist<\/li><\/ul>\n","protected":false},"excerpt":{"rendered":"<p>Vai Dom\/Vai Domna \u2013 zur Anrede von einem h\u00f6her gestellten Comyn Vai Dom\/Vai Domna + Vorname = Comyn, z.B. Dom Felix Vai Dom\/Vai Domna + Familienname = NUR Dom\u00e4nenlord, z.B. Dom Hastur Vai Dom\/Vai Domna + Nebenlinie = Nebenlinienoberhaupt, z.B. Dom Carcosa Vai Leronis\/Vai Laranzu \u2013 Anrede eines Turmarbeiters Vai Tenerzu \u2013 Anrede Bewahrer Mestra\/Mestru <a href=\"https:\/\/www.darkover-con.de\/?page_id=2683\" class=\"more-link\">...weiterlesen<span class=\"screen-reader-text\"> \"Redewendungen und Vokabular\"<\/span><\/a><\/p>\n","protected":false},"author":4,"featured_media":0,"parent":2272,"menu_order":3,"comment_status":"closed","ping_status":"closed","template":"","meta":{"footnotes":""},"class_list":["post-2683","page","type-page","status-publish","h-entry","hentry","h-as-page"],"_links":{"self":[{"href":"https:\/\/www.darkover-con.de\/index.php?rest_route=\/wp\/v2\/pages\/2683","targetHints":{"allow":["GET"]}}],"collection":[{"href":"https:\/\/www.darkover-con.de\/index.php?rest_route=\/wp\/v2\/pages"}],"about":[{"href":"https:\/\/www.darkover-con.de\/index.php?rest_route=\/wp\/v2\/types\/page"}],"author":[{"embeddable":true,"href":"https:\/\/www.darkover-con.de\/index.php?rest_route=\/wp\/v2\/users\/4"}],"replies":[{"embeddable":true,"href":"https:\/\/www.darkover-con.de\/index.php?rest_route=%2Fwp%2Fv2%2Fcomments&post=2683"}],"version-history":[{"count":1,"href":"https:\/\/www.darkover-con.de\/index.php?rest_route=\/wp\/v2\/pages\/2683\/revisions"}],"predecessor-version":[{"id":2684,"href":"https:\/\/www.darkover-con.de\/index.php?rest_route=\/wp\/v2\/pages\/2683\/revisions\/2684"}],"up":[{"embeddable":true,"href":"https:\/\/www.darkover-con.de\/index.php?rest_route=\/wp\/v2\/pages\/2272"}],"wp:attachment":[{"href":"https:\/\/www.darkover-con.de\/index.php?rest_route=%2Fwp%2Fv2%2Fmedia&parent=2683"}],"curies":[{"name":"wp","href":"https:\/\/api.w.org\/{rel}","templated":true}]}}