{"id":3382,"date":"2024-06-02T06:17:11","date_gmt":"2024-06-02T05:17:11","guid":{"rendered":"https:\/\/www.darkover-con.de\/?page_id=3382"},"modified":"2024-06-02T06:17:11","modified_gmt":"2024-06-02T05:17:11","slug":"2024-fruehjahr","status":"publish","type":"page","link":"https:\/\/www.darkover-con.de\/?page_id=3382","title":{"rendered":"2024 &#8211; Fr\u00fchjahr"},"content":{"rendered":"\n<h2 class=\"wp-block-heading\">IT-Text<\/h2>\n\n\n\n<p>Der Fr\u00fchling hatte in den Dom\u00e4nen Einzug gehalten; \u00fcberall gr\u00fcnte und bl\u00fchte es.<\/p>\n\n\n\n<p>Zwar gab es gelegentlich noch den einen oder anderen Fr\u00fchjahrssturm, aber endlich waren die Stra\u00dfen nun wieder f\u00fcr Reisende passierbar.<\/p>\n\n\n\n<p>Die Herberge war gestern Abend bis auf den letzten Platz belegt gewesen und die Wirtsleute hatten alle H\u00e4nde voll zu tun gehabt, um die W\u00fcnsche der G\u00e4ste zu erf\u00fcllen.<\/p>\n\n\n\n<p>Die Gespr\u00e4che drehten sich wie meist in dieser Jahreszeit um das Wetter und die Passierbarkeit der Stra\u00dfen. Diejenigen, die aus den Bergen gekommen waren, berichteten davon, welche Passstra\u00dfen offen waren und die Reisenden aus den Tieflanden, welche Fl\u00fcsse noch Hochwasser f\u00fchrten und welche Furten passierbar waren.<\/p>\n\n\n\n<p>Bald stellte sich heraus, dass einige der Anwesenden zumindest f\u00fcr die n\u00e4chsten Tage den gleichen Weg haben w\u00fcrden, und so wurde beschlossen, am n\u00e4chsten Morgen gemeinsam aufzubrechen. Je gr\u00f6\u00dfer die Gruppe, desto sicherer reist man.<\/p>\n\n\n\n<p>So hat sich eine kleine Reisegruppe zusammen gefunden, die nach dem Fr\u00fchst\u00fcck bei strahlendem Fr\u00fchlingssonnenschein aufbricht. Der Tag verl\u00e4uft eher ereignis- und problemlos und am Nachmittag beginnen die Reisenden nach einer Unterkunft f\u00fcr die Nacht Ausschau zu halten \u2026<\/p>\n\n\n\n<h2 class=\"wp-block-heading\">OT-Text<\/h2>\n\n\n\n<p>Ihr seid unterwegs \u2013 was euch auf die Reise f\u00fchrt, woher ihr gerade kommt und wohin ihr wollt bleibt euch \u00fcberlassen. Wichtig ist, dass ihr unterwegs seid, gestern in besagter Herberge eingekehrt und heute mit der Gruppe aufgebrochen seid.<\/p>\n\n\n\n<p>Vielleicht seid ihr schon l\u00e4nger mit dem ein oder anderen unterwegs, andere habt ihr vermutlich erst gestern Abend kennengelernt. (Und solltet ihr eine Eskorte dabei haben, sind die anderen Reisenden f\u00fcr den zus\u00e4tzlichen Schutz sicher dankbar. \ud83d\ude09<\/p>\n\n\n\n<p><\/p>\n\n\n\n<p>Es passen ALLE Charaktere \u2013 mit oder ohne Laran, Comyn oder einfaches Volk, bereits bekannte oder neue Charas.<\/p>\n\n\n\n<p>Bringt gerne spannende (Hintergrund-)Geschichten mit, die ihr euch abends in der Herberge oder unterwegs erz\u00e4hlen k\u00f6nnt.<\/p>\n\n\n\n<p>Einsendeschluss f\u00fcr die Charaktere: <strong>17.3.2024<\/strong><\/p>\n\n\n\n<p>Liebe Gr\u00fc\u00dfe<\/p>\n\n\n\n<p>Eure Plotplanung Liriel &amp; Rohana<\/p>\n","protected":false},"excerpt":{"rendered":"<p>IT-Text Der Fr\u00fchling hatte in den Dom\u00e4nen Einzug gehalten; \u00fcberall gr\u00fcnte und bl\u00fchte es. Zwar gab es gelegentlich noch den einen oder anderen Fr\u00fchjahrssturm, aber endlich waren die Stra\u00dfen nun wieder f\u00fcr Reisende passierbar. Die Herberge war gestern Abend bis auf den letzten Platz belegt gewesen und die Wirtsleute hatten alle H\u00e4nde voll zu tun <a href=\"https:\/\/www.darkover-con.de\/?page_id=3382\" class=\"more-link\">...weiterlesen<span class=\"screen-reader-text\"> \"2024 &#8211; Fr\u00fchjahr\"<\/span><\/a><\/p>\n","protected":false},"author":4,"featured_media":0,"parent":1222,"menu_order":41,"comment_status":"closed","ping_status":"closed","template":"","meta":{"footnotes":""},"class_list":["post-3382","page","type-page","status-publish","h-entry","hentry","h-as-page"],"_links":{"self":[{"href":"https:\/\/www.darkover-con.de\/index.php?rest_route=\/wp\/v2\/pages\/3382","targetHints":{"allow":["GET"]}}],"collection":[{"href":"https:\/\/www.darkover-con.de\/index.php?rest_route=\/wp\/v2\/pages"}],"about":[{"href":"https:\/\/www.darkover-con.de\/index.php?rest_route=\/wp\/v2\/types\/page"}],"author":[{"embeddable":true,"href":"https:\/\/www.darkover-con.de\/index.php?rest_route=\/wp\/v2\/users\/4"}],"replies":[{"embeddable":true,"href":"https:\/\/www.darkover-con.de\/index.php?rest_route=%2Fwp%2Fv2%2Fcomments&post=3382"}],"version-history":[{"count":1,"href":"https:\/\/www.darkover-con.de\/index.php?rest_route=\/wp\/v2\/pages\/3382\/revisions"}],"predecessor-version":[{"id":3384,"href":"https:\/\/www.darkover-con.de\/index.php?rest_route=\/wp\/v2\/pages\/3382\/revisions\/3384"}],"up":[{"embeddable":true,"href":"https:\/\/www.darkover-con.de\/index.php?rest_route=\/wp\/v2\/pages\/1222"}],"wp:attachment":[{"href":"https:\/\/www.darkover-con.de\/index.php?rest_route=%2Fwp%2Fv2%2Fmedia&parent=3382"}],"curies":[{"name":"wp","href":"https:\/\/api.w.org\/{rel}","templated":true}]}}