{"id":3511,"date":"2025-06-01T09:57:44","date_gmt":"2025-06-01T08:57:44","guid":{"rendered":"https:\/\/www.darkover-con.de\/?page_id=3511"},"modified":"2025-06-01T09:57:44","modified_gmt":"2025-06-01T08:57:44","slug":"2025-fruehjahr","status":"publish","type":"page","link":"https:\/\/www.darkover-con.de\/?page_id=3511","title":{"rendered":"2025 &#8211; Fr\u00fchjahr"},"content":{"rendered":"\n<p>Die Fr\u00fchjahrs Con 2025 fand vom 13.3. bis 6.3.2025 auf dem\u00a0<a href=\"https:\/\/www.wirberg.de\/\" target=\"_blank\" rel=\"noreferrer noopener\">Freizeitheim Wirberg<\/a> statt.<\/p>\n\n\n\n<h2 class=\"wp-block-heading\"><strong><u>Fr\u00fchlings\u00e4quinox in Hestral<\/u><\/strong><\/h2>\n\n\n\n<h4 class=\"wp-block-heading\"><strong>IT<\/strong><\/h4>\n\n\n<div class=\"wp-block-image\">\n<figure class=\"alignright size-full is-resized\"><img loading=\"lazy\" decoding=\"async\" width=\"600\" height=\"561\" src=\"https:\/\/www.darkover-con.de\/wp-content\/uploads\/2024\/02\/Roemer-Wandern_20210821_0045_Heike-Krings.jpg\" alt=\"\" class=\"wp-image-3376\" style=\"width:198px;height:auto\" srcset=\"https:\/\/www.darkover-con.de\/wp-content\/uploads\/2024\/02\/Roemer-Wandern_20210821_0045_Heike-Krings.jpg 600w, https:\/\/www.darkover-con.de\/wp-content\/uploads\/2024\/02\/Roemer-Wandern_20210821_0045_Heike-Krings-300x281.jpg 300w\" sizes=\"auto, (max-width: 600px) 100vw, 600px\" \/><\/figure><\/div>\n\n\n<p>Carla schaute vom Fenster des Turmes von Hestral hin\u00fcber zum Landefeld. Dort war soeben ein Luftwagen gelandet und sie sah einige Gestalten aus dem Turm hin\u00fcbereilen. Zur bevorstehenden Feier der Fr\u00fchlings\u00e4quinox hatten sich einige Besucher angek\u00fcndigt. Die Ger\u00fcchtek\u00fcche brodelte deswegen schon seit Tagen, sogar aus Tramontana sollte eine Abordnung kommen!<\/p>\n\n\n\n<p>Carla war selbst noch nicht lange im Turm und verstand&nbsp; nur wenig von dem, wor\u00fcber sich die anderen im Gemeinschaftsraum unterhielten, aber sie sp\u00fcrte, dass eine ungewohnte Unruhe \u00fcber allem lag.<\/p>\n\n\n\n<p>Nun, sie freute sich auf die bevorstehende Feier. Das w\u00fcrde sicherlich erfreulicher werden, als die endlosen und frustrierenden Unterrichtsstunden.<\/p>\n\n\n\n<p>Seufzend wandte sie sich vom Fenster ab und blickte zu der Kerze hin\u00fcber, die sich seit Tagen beharrlich allen Versuchen widersetzte, sich nur mithilfe der Matrix entz\u00fcnden zu lassen. Bei den anderen sah es immer so einfach aus! Carla zog ihre Matrix heraus und sammelte ihre Gedanken. Im Unterbewusstsein h\u00f6rte sie die Stimme der \u00dcberwacherin, die sie zur Konzentration mahnte \u2026<\/p>\n\n\n\n<h4 class=\"wp-block-heading\"><strong>OT<\/strong><\/h4>\n\n\n<div class=\"wp-block-image\">\n<figure class=\"alignleft size-full is-resized\"><img loading=\"lazy\" decoding=\"async\" width=\"600\" height=\"400\" src=\"https:\/\/www.darkover-con.de\/wp-content\/uploads\/2021\/11\/Darkover_Con_Header_004_Katharina-Mally.jpg\" alt=\"\" class=\"wp-image-3067\" style=\"aspect-ratio:1;object-fit:cover;width:186px;height:auto\" srcset=\"https:\/\/www.darkover-con.de\/wp-content\/uploads\/2021\/11\/Darkover_Con_Header_004_Katharina-Mally.jpg 600w, https:\/\/www.darkover-con.de\/wp-content\/uploads\/2021\/11\/Darkover_Con_Header_004_Katharina-Mally-300x200.jpg 300w\" sizes=\"auto, (max-width: 600px) 100vw, 600px\" \/><\/figure><\/div>\n\n\n<p>Nach langer Zeit sind wir wieder einmal im Turm von Hestral. Dies wird ein reiner Laran-Plot und ihr solltet m\u00f6glichst mit einem Laran-Charakter kommen.<\/p>\n\n\n\n<p>(Vielleicht packt ihr euch sicherheitshalber noch einen Reserve-Chara ein \u2013 wir k\u00f6nnen - und wollen- f\u00fcr nichts garantieren J.)<\/p>\n\n\n\n<p>Es werden die \u00fcblichen Laran-Charaktere ben\u00f6tigt \u2013 \u00dcberwacher, Techniker, Mechaniker und nat\u00fcrlich Novizen aller Ausbildungsstufen.<\/p>\n\n\n\n<p>Wir spielen im ZdC (Zeitalter des Chaos), d.h. es gibt noch keine Turmroben in den Farben der R\u00e4nge. Daher solltet ihr euch eine M\u00f6glichkeit \u00fcberlegen, den Turmrang nach au\u00dfen zu kennzeichnen (z.B. eine Sch\u00e4rpe in der entsprechenden Farbe (wei\u00df f\u00fcr \u00dcberwacher, blau f\u00fcr Techniker, gr\u00fcn f\u00fcr Mechaniker und beige f\u00fcr Novizen)<\/p>\n\n\n\n<p>Diejenigen, die Hestral bereits kennen, wissen, dass es etliche Ger\u00fcchte \u00fcber den Turm, seinen Bewahrer und seine Bewohner gibt \u2013 nicht alles davon ist frei erfunden.&nbsp;<\/p>\n\n\n\n<p>Wir freuen uns, wenn einige der bereits auf vergangenen Plots aufgetauchten Hestral-Bewohner wieder dabei sind, aber nat\u00fcrlich sind Neulinge und Besucher jederzeit willkommen!<\/p>\n\n\n\n<p>Es wird eine Abordnung aus Tramontana geben \u2026 also gerne auch Tramontana-Charas.<\/p>\n\n\n<div class=\"wp-block-image\">\n<figure class=\"alignright size-large is-resized\"><img loading=\"lazy\" decoding=\"async\" width=\"1024\" height=\"768\" src=\"https:\/\/www.darkover-con.de\/wp-content\/uploads\/2024\/12\/IMG_20241130_101410778_HDR-1024x768.jpg\" alt=\"\" class=\"wp-image-3475\" style=\"aspect-ratio:1;object-fit:cover;width:192px;height:auto\" srcset=\"https:\/\/www.darkover-con.de\/wp-content\/uploads\/2024\/12\/IMG_20241130_101410778_HDR-1024x768.jpg 1024w, https:\/\/www.darkover-con.de\/wp-content\/uploads\/2024\/12\/IMG_20241130_101410778_HDR-300x225.jpg 300w, https:\/\/www.darkover-con.de\/wp-content\/uploads\/2024\/12\/IMG_20241130_101410778_HDR-768x576.jpg 768w, https:\/\/www.darkover-con.de\/wp-content\/uploads\/2024\/12\/IMG_20241130_101410778_HDR-1536x1152.jpg 1536w, https:\/\/www.darkover-con.de\/wp-content\/uploads\/2024\/12\/IMG_20241130_101410778_HDR-2048x1536.jpg 2048w, https:\/\/www.darkover-con.de\/wp-content\/uploads\/2024\/12\/IMG_20241130_101410778_HDR-960x720.jpg 960w\" sizes=\"auto, (max-width: 1024px) 100vw, 1024px\" \/><\/figure><\/div>\n\n\n<p>F\u00fcr den Freitagabend planen wir ein kleines Symposium. Wenn ihr euch daran mit einem kleinen Vortrag o.\u00e4. beteiligen m\u00f6chtet, setzt euch bitte vorab mit uns in Verbindung. Nennt uns bitte Thema und ungef\u00e4hrem Zeitbedarf, damit wir das einplanen und evtl. Dopplungen vermeiden k\u00f6nnen.<\/p>\n\n\n\n<p><\/p>\n\n\n\n<p>Sprecht uns gerne an, wenn ihr Unterst\u00fctzung bei der Chara-Erstellung braucht oder sonstige Fragen habt.<\/p>\n\n\n\n<p>Eure Plotplanung,<\/p>\n\n\n\n<p>Leonie und Rohana<\/p>\n\n\n\n<p><\/p>\n\n\n\n<p><\/p>\n\n\n\n<hr class=\"wp-block-separator has-alpha-channel-opacity\"\/>\n\n\n\n<p><em>Weitere Infos und Berichte zum Plot bzw. zur Con findet ihr im Forum.<\/em><\/p>\n\n\n\n<p><\/p>\n","protected":false},"excerpt":{"rendered":"<p>Die Fr\u00fchjahrs Con 2025 fand vom 13.3. bis 6.3.2025 auf dem\u00a0Freizeitheim Wirberg statt. Fr\u00fchlings\u00e4quinox in Hestral IT Carla schaute vom Fenster des Turmes von Hestral hin\u00fcber zum Landefeld. Dort war soeben ein Luftwagen gelandet und sie sah einige Gestalten aus dem Turm hin\u00fcbereilen. Zur bevorstehenden Feier der Fr\u00fchlings\u00e4quinox hatten sich einige Besucher angek\u00fcndigt. Die Ger\u00fcchtek\u00fcche <a href=\"https:\/\/www.darkover-con.de\/?page_id=3511\" class=\"more-link\">...weiterlesen<span class=\"screen-reader-text\"> \"2025 &#8211; Fr\u00fchjahr\"<\/span><\/a><\/p>\n","protected":false},"author":4,"featured_media":0,"parent":1222,"menu_order":0,"comment_status":"closed","ping_status":"closed","template":"","meta":{"footnotes":""},"class_list":["post-3511","page","type-page","status-publish","h-entry","hentry","h-as-page"],"_links":{"self":[{"href":"https:\/\/www.darkover-con.de\/index.php?rest_route=\/wp\/v2\/pages\/3511","targetHints":{"allow":["GET"]}}],"collection":[{"href":"https:\/\/www.darkover-con.de\/index.php?rest_route=\/wp\/v2\/pages"}],"about":[{"href":"https:\/\/www.darkover-con.de\/index.php?rest_route=\/wp\/v2\/types\/page"}],"author":[{"embeddable":true,"href":"https:\/\/www.darkover-con.de\/index.php?rest_route=\/wp\/v2\/users\/4"}],"replies":[{"embeddable":true,"href":"https:\/\/www.darkover-con.de\/index.php?rest_route=%2Fwp%2Fv2%2Fcomments&post=3511"}],"version-history":[{"count":6,"href":"https:\/\/www.darkover-con.de\/index.php?rest_route=\/wp\/v2\/pages\/3511\/revisions"}],"predecessor-version":[{"id":3517,"href":"https:\/\/www.darkover-con.de\/index.php?rest_route=\/wp\/v2\/pages\/3511\/revisions\/3517"}],"up":[{"embeddable":true,"href":"https:\/\/www.darkover-con.de\/index.php?rest_route=\/wp\/v2\/pages\/1222"}],"wp:attachment":[{"href":"https:\/\/www.darkover-con.de\/index.php?rest_route=%2Fwp%2Fv2%2Fmedia&parent=3511"}],"curies":[{"name":"wp","href":"https:\/\/api.w.org\/{rel}","templated":true}]}}